{"id":21707,"date":"2023-09-04T21:05:20","date_gmt":"2023-09-04T21:05:20","guid":{"rendered":"https:\/\/agroflex.cz\/product\/polikarbonat-uveghaz-a-falhoz-tulipan-d25\/"},"modified":"2026-01-30T10:06:02","modified_gmt":"2026-01-30T10:06:02","slug":"polikarbonat-uveghaz-a-falhoz-tulipan-d25","status":"publish","type":"product","link":"https:\/\/agroflex.cz\/hu\/termek\/polikarbonat-uveghaz-a-falhoz-tulipan-d25\/","title":{"rendered":"Polikarbon\u00e1t \u00fcvegh\u00e1z a falhoz Tulipan D25"},"content":{"rendered":"<div class=\"wpb-content-wrapper\"><p>[vc_row][vc_column][vc_separator style=&#8221;shadow&#8221; border_width=&#8221;5&#8243;][vc_column_text text_larger=&#8221;no&#8221; woodmart_inline=&#8221;no&#8221;]<\/p>\n<h2 style=\"text-align: center;\"><strong>Polikarbon\u00e1t \u00fcvegh\u00e1z a falhoz Tulipan D25<br \/>\n<\/strong><\/h2>\n<p>K\u00e9nyelmes \u00e9s sokoldal\u00fa polikarbon\u00e1t falra szerelhet\u0151 \u00fcvegh\u00e1z nyithat\u00f3 oldalakkal. Ide\u00e1lis sz\u0171k helyekre. Haszn\u00e1lhat\u00f3 kerti \u00fcvegh\u00e1zk\u00e9nt, pavilonk\u00e9nt, t\u00e9likertk\u00e9nt vagy medencefed\u00e9sk\u00e9nt, ez a legjobb megold\u00e1s a h\u00e1z fal\u00e1hoz vagy a ker\u00edt\u00e9s ment\u00e9n t\u00f6rt\u00e9n\u0151 felszerel\u00e9shez. A v\u00e1z 40&#215;20 \u00e9s 20&#215;20 horganyzott cs\u0151b\u0151l k\u00e9sz\u00fcl, amely 200 kg\/m2-n\u00e9l nagyobb h\u00f3terhel\u00e9st k\u00e9pes ellen\u00e1llni. Cs\u00fasz\u00f3 oldalr\u00e9szek 1 m\u00e9ter<br \/>\nsz\u00e9less\u00e9ggel R\u00f6gz\u00edtett \u00edveket haszn\u00e1lnak, \u00e9s f\u00fcgg\u0151leges \u00e1llv\u00e1nyokhoz csatlakoznak. Ez n\u00f6veli a teljes szerkezet megb\u00edzhat\u00f3s\u00e1g\u00e1t. A v\u00e9geken k\u00e9t ajt\u00f3 tal\u00e1lhat\u00f3 szell\u0151z\u0151ny\u00edl\u00e1sokkal az \u00fcvegh\u00e1z szell\u0151z\u00e9s\u00e9nek jav\u00edt\u00e1sa \u00e9rdek\u00e9ben.      <\/p>\n<p>K\u00e9t ilyen \u00fcvegh\u00e1z v\u00e9gpontt\u00f3l v\u00e9gpontig t\u00f6rt\u00e9n\u0151 telep\u00edt\u00e9sekor 5 m\u00e9ter sz\u00e9less\u00e9g\u0171 \u00fcvegh\u00e1zat kapunk, amelyet sz\u00fcks\u00e9g eset\u00e9n v\u00e1laszfallal lehet felosztani, \u00e9s k\u00fcl\u00f6nb\u00f6z\u0151 \u00e9ghajlati viszonyokkal rendelkez\u0151 \u00fcvegh\u00e1zat kapunk a termeszt\u00e9shez.<\/p>\n<p>K\u00e9t \u00fcvegh\u00e1z \u00e9s egy tov\u00e1bbi k\u00f6zponti r\u00e9sz haszn\u00e1lat\u00e1val 7,5 m\u00e9ter sz\u00e9les \u00fcvegh\u00e1zat kaphat![\/vc_column_text][vc_separator][vc_column_text text_larger=&#8221;no&#8221;]<\/p>\n<h4 style=\"text-align: center;\">Az All Inclusive csomag &#8211; \u00fcvegh\u00e1zzal &#8211; m\u00e1r tartalmazza:<\/h4>\n<p>az \u00fcvegh\u00e1z f\u00e9mkerete;<br \/>\nf\u00e9m alap, amely megb\u00edzhat\u00f3, egyenletes alapot biztos\u00edt a cs\u00fasz\u00f3rendszerek megfelel\u0151 m\u0171k\u00f6d\u00e9s\u00e9hez!;<br \/>\nPolikarbon\u00e1t;<br \/>\n(\u00daj!) a mozgathat\u00f3 szakaszokat \u00f6sszeszerelve sz\u00e1ll\u00edtjuk (csak a foganty\u00fat kell felcsavarni);<br \/>\n(\u00daj!) minden sz\u00fcks\u00e9ges t\u00f6m\u00edt\u00e9s, amely l\u00e9gmentesebb\u00e9 teszi az \u00fcvegh\u00e1zat, \u00e9s kik\u00fcsz\u00f6b\u00f6li a polikarbon\u00e1t z\u00f6rg\u00e9s\u00e9t sz\u00e9ll\u00f6k\u00e9sek sor\u00e1n;<br \/>\n(\u00daj!) A p\u00e1raz\u00e1r\u00f3 szalag \u00e9s profilok megv\u00e9dik a nyitott polikarbon\u00e1t m\u00e9hsejteket a nedvess\u00e9gt\u0151l, a port\u00f3l, a szennyez\u0151d\u00e9sekt\u0151l \u00e9s a rovarokt\u00f3l.[\/vc_column_text][vc_separator][vc_column_text text_larger=&#8221;no&#8221;]<\/p>\n<div class=\"vc_row wpb_row vc_row-fluid\">\n<div class=\"wpb_column vc_column_container vc_col-sm-12\">\n<div class=\"vc_column-inner\">\n<div class=\"wpb_wrapper\">\n<div class=\"wpb_text_column wpb_content_element\">\n<div class=\"wpb_wrapper\">\n<h4 style=\"text-align: center;\">Polikarbon\u00e1t \u00fcvegez\u00e9s<\/h4>\n<p>Speci\u00e1lis, tan\u00fas\u00edtott \u00fcreges polikarbon\u00e1t kerti \u00fcvegh\u00e1zakhoz UV sz\u0171r\u0151vel. Ennek a term\u00e9knek az el\u0151nye a magas h\u0151szigetel\u00e9s az \u00fcveggel szemben. Ellen\u00e1ll a mechanikai s\u00e9r\u00fcl\u00e9seknek, az id\u0151j\u00e1r\u00e1snak \u00e9s a j\u00e9ges\u0151nek. A polikarbon\u00e1t kiv\u00e9teles \u00e1ttetsz\u0151s\u00e9ge (tisztas\u00e1g \u2013 ak\u00e1r 86%). A polikarbon\u00e1tot tekercsben sz\u00e1ll\u00edtj\u00e1k, \u00e9s \u00f6nmetsz\u0151 csavarokkal r\u00f6gz\u00edtik a szerkezethez.<\/p>\n<p>A mozg\u00f3 szakaszokat \u00f6sszeszerelve sz\u00e1ll\u00edtjuk (csak a foganty\u00fat kell felcsavarni)<\/p>\n<\/div>\n<\/div>\n<\/div>\n<\/div>\n<\/div>\n<\/div>\n<p>[\/vc_column_text][\/vc_column][\/vc_row][vc_row][vc_column width=&#8221;1\/2&#8243;][vc_separator style=&#8221;shadow&#8221; border_width=&#8221;5&#8243;][vc_text_separator title=&#8221;Aj\u00e1nlott tartoz\u00e9kok:&#8221; title_align=&#8221;separator_align_left&#8221; align=&#8221;align_left&#8221; style=&#8221;dotted&#8221;]<div class=\"widget_products \"><div class=\"widget woocommerce widget_products\"><ul class=\"product_list_widget\"><li>\n\t\t<span class=\"widget-product-wrap\">\n\t\t<a href=\"https:\/\/agroflex.cz\/hu\/termek\/antidust-3500-paraatereszto-szellozoszalag\/\" title=\"AntiDust 3500 p\u00e1ra\u00e1tereszt\u0151 szell\u0151z\u0151szalag\" class=\"widget-product-img\">\n\t\t\t<img decoding=\"async\" width=\"300\" height=\"300\" src=\"https:\/\/agroflex.cz\/wp-content\/uploads\/2023\/09\/Ventilacni-paska-Antidust-300x300.jpg\" class=\"attachment-woocommerce_thumbnail size-woocommerce_thumbnail\" alt=\"\" srcset=\"https:\/\/agroflex.cz\/wp-content\/uploads\/2023\/09\/Ventilacni-paska-Antidust-300x300.jpg 300w, https:\/\/agroflex.cz\/wp-content\/uploads\/2023\/09\/Ventilacni-paska-Antidust-150x150.jpg 150w\" sizes=\"(max-width: 300px) 100vw, 300px\" \/>\t\t<\/a>\n\t\t<span class=\"widget-product-info\">\n\t\t\t<a href=\"https:\/\/agroflex.cz\/hu\/termek\/antidust-3500-paraatereszto-szellozoszalag\/\" title=\"AntiDust 3500 p\u00e1ra\u00e1tereszt\u0151 szell\u0151z\u0151szalag\" class=\"wd-entities-title\">\n\t\t\t\tAntiDust 3500 p\u00e1ra\u00e1tereszt\u0151 szell\u0151z\u0151szalag\t\t\t<\/a>\n\t\t\t\t\t\t\t<div class=\"star-rating\" role=\"img\" aria-label=\"\u00c9rt\u00e9kel\u00e9s: 5.00 \/ 5\"><span style=\"width:100%\">\u00c9rt\u00e9kel\u00e9s: <strong class=\"rating\">5.00<\/strong> \/ 5<\/span><\/div>\t\t\t\t\t\t<span class=\"price\"><span class=\"woocommerce-Price-amount amount\"><bdi>789<span class=\"woocommerce-Price-currencySymbol\">&#75;&#269;<\/span><\/bdi><\/span><\/span>\n\t\t<\/span>\n\t<\/span>\n\t<\/li>\n<\/ul><\/div><\/div>[vc_separator style=&#8221;shadow&#8221; border_width=&#8221;5&#8243;][vc_column_text text_larger=&#8221;no&#8221; woodmart_inline=&#8221;no&#8221;]<\/p>\n<h4 style=\"text-align: center;\"><span style=\"color: #000000;\"><strong>\u00dcvegh\u00e1z param\u00e9terei:<\/strong><\/span><\/h4>\n<table style=\"height: 571px;\">\n<tbody>\n<tr style=\"height: 24px;\">\n\u00c9p\u00edt\u00e9s <\/p>\n<td style=\"width: 185.867px; height: 24px; text-align: left;\">t\u00edpusa<\/td>\n<td style=\"width: 268.6px; height: 24px; text-align: right;\">Fix<\/td>\n<\/tr>\n<tr style=\"height: 24px;\">\n<td style=\"width: 185.867px; height: 24px; text-align: left;\">Megengedett terhel\u00e9s<\/td>\n<td style=\"width: 268.6px; height: 24px; text-align: right;\">200 kg\/m2<\/td>\n<\/tr>\n<tr style=\"height: 24px;\">\n<td style=\"width: 185.867px; height: 24px; text-align: left;\">sz\u00e9less\u00e9g<\/td>\n<td style=\"width: 268.6px; height: 24px; text-align: right;\">2,50 m<\/td>\n<\/tr>\n<tr style=\"height: 24px;\">\n<td style=\"width: 185.867px; height: 24px; text-align: left;\">Magass\u00e1g a tetej\u00e9n<\/td>\n<td style=\"width: 268.6px; height: 24px; text-align: right;\">2,50 m<\/td>\n<\/tr>\n<tr style=\"height: 24px;\">\n<td style=\"width: 185.867px; height: 24px; text-align: left;\">Magass\u00e1g k\u00f6z\u00e9pen<\/td>\n<td style=\"width: 268.6px; height: 24px; text-align: right;\">2,15 m<\/td>\n<\/tr>\n<tr style=\"height: 24px;\">\n<td style=\"width: 185.867px; height: 24px; text-align: left;\">Magass\u00e1g a tet\u0151 alj\u00e1n<\/td>\n<td style=\"width: 268.6px; height: 24px; text-align: right;\">1,85 m<\/td>\n<\/tr>\n<tr style=\"height: 24px;\">\n<td style=\"width: 185.867px; height: 24px; text-align: left;\">A cs\u00fasz\u00f3 oldals\u00f3 r\u00e9sz<\/td>\n<p> magass\u00e1ga<\/p>\n<td style=\"width: 268.6px; height: 24px; text-align: right;\">1,46 m (a szell\u0151z\u00e9shez \u00e9s a term\u00e9nyekhez val\u00f3 k\u00f6nny\u0171 hozz\u00e1f\u00e9r\u00e9shez)<\/td>\n<\/tr>\n<tr style=\"height: 24px;\">\n<td style=\"width: 185.867px; height: 24px; text-align: left;\">Hossz (v\u00e1ltozatok)<\/td>\n<td style=\"width: 268.6px; height: 24px; text-align: right;\">4 m; 6 m; 8 m; (hosszabb is megtehet\u0151 &#8211; modul\u00e1ci\u00f3 2 m-es l\u00e9p\u00e9sekben)<\/td>\n<\/tr>\n<tr style=\"height: 24px;\">\n<td style=\"width: 185.867px; height: 24px; text-align: left;\">\u00dcvegez\u00e9si<\/td>\n<p> anyag<\/p>\n<td style=\"width: 268.6px; height: 24px; text-align: right;\">polikarbon\u00e1t 4mm<\/td>\n<\/tr>\n<tr style=\"height: 24px;\">\nPolikarbon\u00e1t <\/p>\n<td style=\"width: 185.867px; height: 24px; text-align: left;\">UV-v\u00e9delme<\/td>\n<td style=\"width: 268.6px; height: 24px; text-align: right;\">igen<\/td>\n<\/tr>\n<tr style=\"height: 24px;\">\n<td style=\"width: 185.867px; height: 24px; text-align: left;\">A t\u00e1bl\u00e1k<\/td>\n<p> m\u00e9retei<\/p>\n<td style=\"width: 268.6px; height: 24px; text-align: right;\">6 x 2,1 m<\/td>\n<\/tr>\n<tr style=\"height: 24px;\">\n<td style=\"width: 185.867px; height: 10px; text-align: left;\">\u00c9p\u00edt\u0151anyag<\/td>\n<td style=\"width: 268.6px; height: 10px; text-align: right;\">T\u0171zihorganyzott ac\u00e9l<\/td>\n<\/tr>\n<tr style=\"height: 24px;\">\n<td style=\"width: 185.867px; height: 24px; text-align: left;\">Ac\u00e9lfal<\/td>\n<p> szil\u00e1rds\u00e1ga<\/p>\n<td style=\"width: 268.6px; height: 24px; text-align: right;\">1 mm (40%-kal vastagabb, mint a hagyom\u00e1nyos \u00edves \u00fcvegh\u00e1zak)<\/td>\n<\/tr>\n<tr style=\"height: 35px;\">\n<td style=\"width: 185.867px; height: 35px; text-align: left;\">G\u00f6rb\u00e9k<\/td>\n<p> k\u00f6z\u00f6tti t\u00e1vols\u00e1g<\/p>\n<td style=\"width: 268.6px; height: 35px; text-align: right;\">1 m\u00e9ter<\/td>\n<\/tr>\n<tr style=\"height: 24px;\">\n<td style=\"width: 185.867px; height: 24px; text-align: left;\">t\u00edpus<\/td>\n<p>mindk\u00e9t <\/p>\n<td style=\"width: 268.6px; height: 24px; text-align: right;\">oldalon j\u00e1rhat\u00f3<\/td>\n<\/tr>\n<tr style=\"height: 24px;\">\n<td style=\"width: 185.867px; height: 24px; text-align: left;\">Bej\u00e1rati<\/td>\n<p> ajt\u00f3k<\/p>\n<td style=\"width: 268.6px; height: 24px; text-align: right;\">2 db<\/td>\n<\/tr>\n<tr style=\"height: 24px;\">\n<td style=\"width: 185.867px; height: 24px; text-align: left;\">ajt\u00f3<\/td>\n<td style=\"width: 268.6px; height: 24px; text-align: right;\">2 x 0,9 m<\/td>\n<\/tr>\n<tr style=\"height: 35px;\">\n<td style=\"width: 185.867px; height: 35px; text-align: left;\">Szell\u0151z\u0151ablak el\u00f6l<\/td>\n<td style=\"width: 268.6px; height: 35px; text-align: right;\">2 db<\/td>\n<\/tr>\n<tr style=\"height: 24px;\">\n<td style=\"width: 185.867px; height: 24px; text-align: left;\">Polikarbon\u00e1t<\/td>\n<p> r\u00f6gz\u00edt\u00e9s<\/p>\n<td style=\"width: 268.6px; height: 24px; text-align: right;\">Csavarok al\u00e1t\u00e9tekkel \u00e9s any\u00e1kkal M5<\/td>\n<\/tr>\n<tr style=\"height: 24px;\">\n<td style=\"width: 185.867px; height: 24px; text-align: left;\">R\u00f6gz\u00edt\u00e9s a talajhoz<\/td>\n<td style=\"width: 268.6px; height: 24px; text-align: right;\">Kapcsol\u00f3d\u00f3 <a href=\"https:\/\/agroflex.cz\/kategorie-produktu\/akcesoria\/kotveni-skleniku\/\" target=\"_blank\" rel=\"noopener\">term\u00e9kek<\/a><\/td>\n<\/tr>\n<tr style=\"height: 24px;\">\n<td style=\"width: 185.867px; height: 24px; text-align: left;\">alap<\/td>\n<td style=\"width: 268.6px; height: 24px; text-align: right;\">A csomag tartalmazza<\/td>\n<\/tr>\n<tr style=\"height: 24px;\">\n<td style=\"width: 185.867px; height: 24px; text-align: left;\">Polikarbon\u00e1t<\/td>\n<p> garancia<\/p>\n<td style=\"width: 268.6px; height: 24px; text-align: right;\">10 \u00e9v<\/td>\n<\/tr>\n<tr style=\"height: 35px;\">\n<td style=\"width: 185.867px; height: 35px; text-align: left;\">\u00c9p\u00edt\u00e9si<\/td>\n<p> garancia<\/p>\n<td style=\"width: 268.6px; height: 35px; text-align: right;\">5 \u00e9v<\/td>\n<\/tr>\n<\/tbody>\n<\/table>\n<p>[\/vc_column_text][vc_separator style=&#8221;shadow&#8221; border_width=&#8221;5&#8243;][\/vc_column][vc_column width=&#8221;1\/2&#8243;][vc_separator style=&#8221;shadow&#8221; border_width=&#8221;5&#8243;][vc_column_text css=&#8221;&#8221; text_larger=&#8221;no&#8221; woodmart_inline=&#8221;no&#8221;]<\/p>\n<div class=\"vc_row wpb_row vc_row-fluid\">\n<div class=\"wpb_column vc_column_container vc_col-sm-12\">\n<div class=\"vc_column-inner\">\n<div class=\"wpb_wrapper\">\n<div class=\"wpb_text_column wpb_content_element\">\n<div class=\"wpb_wrapper\">\n<h4 style=\"text-align: center;\">Az \u00fcvegh\u00e1z alapjai<\/h4>\n<p>Az \u00fcvegh\u00e1z tart\u00f3ss\u00e1g\u00e1nak biztos\u00edt\u00e1sa \u00e9rdek\u00e9ben aj\u00e1nlott egy el\u0151re elk\u00e9sz\u00edtett alapra &#8211; egy alapra &#8211; egy alapra telep\u00edteni, amelyet m\u00e9retei alapj\u00e1n k\u00e9sz\u00edtenek az alap ker\u00fclete ment\u00e9n, p\u00e9ld\u00e1ul 100 vastag keret form\u00e1j\u00e1ban&#8230; 200 mm, ami jelent\u0151sen cs\u00f6kkenti a korr\u00f3zi\u00f3s aktivit\u00e1st.<\/p>\n<p>Az \u00fcvegh\u00e1z keret\u00e9t csavarokkal vagy sz\u00f6gekkel kell r\u00f6gz\u00edteni az alaphoz, hogy er\u0151s sz\u00e9lben ne boruljon fel.<\/p>\n<p>A polikarbon\u00e1t \u00fcvegh\u00e1z az egyes \u00fcgyfelek priorit\u00e1sa szerint r\u00f6gz\u00edthet\u0151, felszerelhet\u0151 a talajba (a r\u00f6gz\u00edt\u00e9st horgonyl\u00e1bak biztos\u00edtj\u00e1k), 10 x 10 cm-es fa prizm\u00e1kkal vagy beton alapra. \u00c1ltal\u00e1ban azonban a beton alaphoz val\u00f3 r\u00f6gz\u00edt\u00e9s jobb v\u00e1laszt\u00e1s, amely jelent\u0151sen cs\u00f6kkenti a korr\u00f3zi\u00f3s aktivit\u00e1st.<\/p>\n<\/div>\n<\/div>\n<\/div>\n<\/div>\n<\/div>\n<\/div>\n<p>[\/vc_column_text]<div class=\"widget_products \"><div class=\"widget woocommerce widget_products\"><ul class=\"product_list_widget\"><li>\n\t\t<span class=\"widget-product-wrap\">\n\t\t<a href=\"https:\/\/agroflex.cz\/hu\/termek\/botanik-femlemez-alap-uveghazakhoz\/\" title=\"Botanik f\u00e9mlemez alap \u00fcvegh\u00e1zakhoz\" class=\"widget-product-img\">\n\t\t\t<img decoding=\"async\" width=\"300\" height=\"300\" src=\"https:\/\/agroflex.cz\/wp-content\/uploads\/2023\/09\/Zakladna-pro-zahradni-skleniky-Agroflex-300x300.jpg\" class=\"attachment-woocommerce_thumbnail size-woocommerce_thumbnail\" alt=\"\" srcset=\"https:\/\/agroflex.cz\/wp-content\/uploads\/2023\/09\/Zakladna-pro-zahradni-skleniky-Agroflex-300x300.jpg 300w, https:\/\/agroflex.cz\/wp-content\/uploads\/2023\/09\/Zakladna-pro-zahradni-skleniky-Agroflex-150x150.jpg 150w\" sizes=\"(max-width: 300px) 100vw, 300px\" \/>\t\t<\/a>\n\t\t<span class=\"widget-product-info\">\n\t\t\t<a href=\"https:\/\/agroflex.cz\/hu\/termek\/botanik-femlemez-alap-uveghazakhoz\/\" title=\"Botanik f\u00e9mlemez alap \u00fcvegh\u00e1zakhoz\" class=\"wd-entities-title\">\n\t\t\t\tBotanik f\u00e9mlemez alap \u00fcvegh\u00e1zakhoz\t\t\t<\/a>\n\t\t\t\t\t\t\t\t\t\t\t\t\t<span class=\"price\"><span class=\"woocommerce-Price-amount amount\" aria-hidden=\"true\"><bdi>968<span class=\"woocommerce-Price-currencySymbol\">&#75;&#269;<\/span><\/bdi><\/span> <span aria-hidden=\"true\">&ndash;<\/span> <span class=\"woocommerce-Price-amount amount\" aria-hidden=\"true\"><bdi>3 267<span class=\"woocommerce-Price-currencySymbol\">&#75;&#269;<\/span><\/bdi><\/span><span class=\"screen-reader-text\">\u00c1rtartom\u00e1ny: 968&#75;&#269; - 3 267&#75;&#269;<\/span><\/span>\n\t\t<\/span>\n\t<\/span>\n\t<\/li>\n<\/ul><\/div><\/div>[vc_separator style=&#8221;shadow&#8221; border_width=&#8221;5&#8243;][vc_column_text css=&#8221;&#8221; text_larger=&#8221;no&#8221; woodmart_inline=&#8221;no&#8221;]<\/p>\n<div class=\"vc_row wpb_row vc_row-fluid\">\n<div class=\"wpb_column vc_column_container vc_col-sm-12\">\n<div class=\"vc_column-inner\">\n<div class=\"wpb_wrapper\">\n<div class=\"wpb_text_column wpb_content_element\">\n<div class=\"wpb_wrapper\">\n<h4 style=\"text-align: center;\">Feler\u0151s\u00edt\u00e9sek<\/h4>\n<p>Az \u00fcvegh\u00e1z \u00f6sszeszerel\u00e9se szint\u00e9n egyszer\u0171 \u00e9s nem ig\u00e9nyel k\u00fcl\u00f6n\u00f6sebb k\u00e9szs\u00e9geket. Csak minim\u00e1lis szersz\u00e1mk\u00e9szletre van sz\u00fcks\u00e9g \u2013 csavarkulcsra, csavarh\u00faz\u00f3ra, k\u00e9sre. R\u00e9szletes utas\u00edt\u00e1sokat kap az \u00fcvegh\u00e1zzal egy\u00fctt. Az illusztr\u00e1lt utas\u00edt\u00e1s tov\u00e1bb egyszer\u0171s\u00edti az \u00fcvegh\u00e1z \u00e9p\u00edt\u00e9s\u00e9nek folyamat\u00e1t,   <\/p>\n<p>Ha nincs ideje a telep\u00edt\u00e9sre, <a href=\"https:\/\/agroflex.cz\/montaz-skleniku\/\" target=\"_blank\" rel=\"noopener\"><strong>megrendelheti<\/strong><\/a> szakembereinkt\u0151l a telep\u00edt\u00e9st, akik mindent nagy szak\u00e9rtelemmel \u00e9s a lehet\u0151 legr\u00f6videbb id\u0151n bel\u00fcl \u00f6ssze\u00e1ll\u00edtanak \u00d6nnek. B\u00e1r az eg\u00e9sz \u00fcvegh\u00e1z \u00f6sszeszerel\u00e9se egyszer\u0171, a legt\u00f6bb id\u0151t ig\u00e9nybe veszi a polikarbon\u00e1t v\u00e1g\u00e1sa \u00e9s \u00e9lez\u00e9se, valamint az \u00fcvegh\u00e1z mindk\u00e9t el\u00fcls\u0151 oldal\u00e1ra t\u00f6rt\u00e9n\u0151 felszerel\u00e9se. Ez\u00e9rt k\u00edn\u00e1ljuk \u00d6nnek a lehet\u0151s\u00e9get, hogy megrendelje <a href=\"https:\/\/agroflex.cz\/montaz-skleniku\/\" target=\"_blank\" rel=\"noopener\"><strong>az \u00f6sszeszerel\u00e9snek ezt a r\u00e9sz\u00e9t<\/strong><\/a>, amelyet rakt\u00e1runkban v\u00e9geznek, mindk\u00e9t el\u00fcls\u0151 oldalt polikarbon\u00e1ttal t\u00f6ltve kapja meg a hordoz\u00f3t\u00f3l.  <\/p>\n<p>Az \u00fcvegh\u00e1z m\u00f3dos\u00edthat\u00f3, \u00e9s a j\u00f6v\u0151ben lehets\u00e9ges a b\u0151v\u00edt\u00e9sek megval\u00f3s\u00edt\u00e1sa, \u00edgy az \u00fcvegh\u00e1z elm\u00e9leti hossza korl\u00e1tlan.<\/p>\n<\/div>\n<\/div>\n<\/div>\n<\/div>\n<\/div>\n<\/div>\n<p>[\/vc_column_text][vc_separator style=&#8221;shadow&#8221; border_width=&#8221;5&#8243;][vc_column_text woodmart_inline=&#8221;no&#8221; text_larger=&#8221;no&#8221;]<\/p>\n<h4 style=\"text-align: center;\">Alternat\u00edv\u00e1k<\/h4>\n<p>[\/vc_column_text]<div class=\"widget_products \"><div class=\"widget woocommerce widget_products\"><ul class=\"product_list_widget\"><li>\n\t\t<span class=\"widget-product-wrap\">\n\t\t<a href=\"https:\/\/agroflex.cz\/hu\/termek\/eros-polikarbonat-uveghaz-rimessa-l25\/\" title=\"Er\u0151s polikarbon\u00e1t \u00fcvegh\u00e1z RIMESSA L25\" class=\"widget-product-img\">\n\t\t\t<img decoding=\"async\" width=\"300\" height=\"300\" src=\"https:\/\/agroflex.cz\/wp-content\/uploads\/2023\/09\/Zahradni-sklenik-Rimessa-l3-300x300.jpg\" class=\"attachment-woocommerce_thumbnail size-woocommerce_thumbnail\" alt=\"polykarbon\u00e1tov\u00fd sklen\u00edk greenhouse polycarbonate polykarbon\u00e1tov\u00fd sklen\u00edk\" srcset=\"https:\/\/agroflex.cz\/wp-content\/uploads\/2023\/09\/Zahradni-sklenik-Rimessa-l3-300x300.jpg 300w, https:\/\/agroflex.cz\/wp-content\/uploads\/2023\/09\/Zahradni-sklenik-Rimessa-l3-150x150.jpg 150w\" sizes=\"(max-width: 300px) 100vw, 300px\" \/>\t\t<\/a>\n\t\t<span class=\"widget-product-info\">\n\t\t\t<a href=\"https:\/\/agroflex.cz\/hu\/termek\/eros-polikarbonat-uveghaz-rimessa-l25\/\" title=\"Er\u0151s polikarbon\u00e1t \u00fcvegh\u00e1z RIMESSA L25\" class=\"wd-entities-title\">\n\t\t\t\tEr\u0151s polikarbon\u00e1t \u00fcvegh\u00e1z RIMESSA L25\t\t\t<\/a>\n\t\t\t\t\t\t\t\t\t\t\t\t\t<span class=\"price\"><span class=\"woocommerce-Price-amount amount\" aria-hidden=\"true\"><bdi>20 456<span class=\"woocommerce-Price-currencySymbol\">&#75;&#269;<\/span><\/bdi><\/span> <span aria-hidden=\"true\">&ndash;<\/span> <span class=\"woocommerce-Price-amount amount\" aria-hidden=\"true\"><bdi>62 244<span class=\"woocommerce-Price-currencySymbol\">&#75;&#269;<\/span><\/bdi><\/span><span class=\"screen-reader-text\">\u00c1rtartom\u00e1ny: 20 456&#75;&#269; - 62 244&#75;&#269;<\/span><\/span>\n\t\t<\/span>\n\t<\/span>\n\t<\/li>\n<\/ul><\/div><\/div>[vc_separator style=&#8221;shadow&#8221; border_width=&#8221;5&#8243;][\/vc_column][\/vc_row]<\/p>\n<\/div>","protected":false},"excerpt":{"rendered":"<p><span style=\"font-size: 10pt;\"><span style=\"color: #ff0000;\"><strong>H\u00cdREK!<\/strong> <\/span>Az \u00fcvegh\u00e1z sz\u00e9less\u00e9ge 2,5 m, magass\u00e1ga 2,5 m, hossza 2 m-t\u0151l. Falt\u00f3l falig polikarbon\u00e1t \u00fcvegh\u00e1z, amely az ig\u00e9nyes termel\u0151k sz\u00e9les k\u00f6r\u0171 ig\u00e9nyeinek felel meg. A kerti \u00fcvegh\u00e1z oldals\u00f3 nyit\u00f3rendszerrel rendelkezik. Az UV-sz\u0171r\u0151vel ell\u00e1tott \u00fcvegh\u00e1zak speci\u00e1lis polikarbon\u00e1tja f\u00e9ny\u00e1tereszt\u0151 k\u00e9pess\u00e9ge ak\u00e1r 86%. Az \u00fcvegh\u00e1z mindk\u00e9t oldalon j\u00e1rhat\u00f3.<br \/>\n<\/span><\/p>\n","protected":false},"featured_media":13329,"comment_status":"open","ping_status":"closed","template":"","meta":[],"product_brand":[419],"product_cat":[625,884,1182,979],"product_tag":[],"class_list":{"0":"post-21707","1":"product","2":"type-product","3":"status-publish","4":"has-post-thumbnail","6":"product_brand-agroflex","7":"product_cat-polikarbonat-uveghazak","8":"product_cat-csuszo-tetok","9":"product_cat-uveghaz-a-falhoz","10":"product_cat-rogzitett-uveghazak","12":"first","13":"onbackorder","14":"taxable","15":"shipping-taxable","16":"purchasable","17":"product-type-variable","18":"has-default-attributes"},"_links":{"self":[{"href":"https:\/\/agroflex.cz\/hu\/wp-json\/wp\/v2\/product\/21707","targetHints":{"allow":["GET"]}}],"collection":[{"href":"https:\/\/agroflex.cz\/hu\/wp-json\/wp\/v2\/product"}],"about":[{"href":"https:\/\/agroflex.cz\/hu\/wp-json\/wp\/v2\/types\/product"}],"replies":[{"embeddable":true,"href":"https:\/\/agroflex.cz\/hu\/wp-json\/wp\/v2\/comments?post=21707"}],"wp:featuredmedia":[{"embeddable":true,"href":"https:\/\/agroflex.cz\/hu\/wp-json\/wp\/v2\/media\/13329"}],"wp:attachment":[{"href":"https:\/\/agroflex.cz\/hu\/wp-json\/wp\/v2\/media?parent=21707"}],"wp:term":[{"taxonomy":"product_brand","embeddable":true,"href":"https:\/\/agroflex.cz\/hu\/wp-json\/wp\/v2\/product_brand?post=21707"},{"taxonomy":"product_cat","embeddable":true,"href":"https:\/\/agroflex.cz\/hu\/wp-json\/wp\/v2\/product_cat?post=21707"},{"taxonomy":"product_tag","embeddable":true,"href":"https:\/\/agroflex.cz\/hu\/wp-json\/wp\/v2\/product_tag?post=21707"}],"curies":[{"name":"wp","href":"https:\/\/api.w.org\/{rel}","templated":true}]}}